{"id":314,"date":"2021-03-11T13:50:26","date_gmt":"2021-03-11T12:50:26","guid":{"rendered":"http:\/\/ideevan.fr\/?page_id=314"},"modified":"2021-03-23T15:06:12","modified_gmt":"2021-03-23T14:06:12","slug":"contact","status":"publish","type":"page","link":"https:\/\/ideevan.fr\/index.php\/contact\/","title":{"rendered":"Contact"},"content":{"rendered":"\n<div style=\"height:60px\" aria-hidden=\"true\" class=\"wp-block-spacer\"><\/div>\n\n\n\n<div class=\"wp-block-cover alignfull has-nv-dark-bg-background-color has-background-dim has-parallax\" style=\"background-image:url(http:\/\/ideevan.fr\/wp-content\/uploads\/2021\/03\/PHOTO_BOIS-scaled.jpg);min-height:715px;aspect-ratio:unset;\"><div class=\"wp-block-cover__inner-container is-layout-flow wp-block-cover-is-layout-flow\">\n<div style=\"height:15px\" aria-hidden=\"true\" class=\"wp-block-spacer\"><\/div>\n\n\n\n<h3 class=\"alignwide has-text-align-center has-neve-link-color-color has-nv-light-bg-background-color has-text-color has-background wp-block-heading\"><strong>N\u2019h\u00e9sitez pas \u00e0 nous contacter par t\u00e9l\u00e9phone ou par mail pour plus de renseignements, prendre RDV ou pour obtenir un devis. Nous r\u00e9pondrons dans les meilleurs d\u00e9lais.<\/strong><\/h3>\n\n\n\n<div style=\"height:20px\" aria-hidden=\"true\" class=\"wp-block-spacer\"><\/div>\n\n\n\n<div class=\"wp-block-columns are-vertically-aligned-top is-layout-flex wp-container-core-columns-is-layout-9d6595d7 wp-block-columns-is-layout-flex\">\n<div class=\"wp-block-column is-vertically-aligned-top ticss-4ce656f1 is-layout-flow wp-block-column-is-layout-flow\">\n<div class=\"wp-block-image icon-style is-style-rounded\"><figure class=\"aligncenter size-large is-resized\"><img loading=\"lazy\" decoding=\"async\" src=\"https:\/\/s33834.pcdn.co\/wp-content\/uploads\/2020\/12\/phone-solid-1.svg\" alt=\"\" width=\"64\" height=\"64\"\/><\/figure><\/div>\n\n\n\n<h3 class=\"has-text-align-center has-neve-text-color-color has-text-color wp-block-heading\">Appelez-nous<\/h3>\n\n\n\n<p class=\"has-text-align-center has-neve-text-color-color has-text-color\" style=\"font-size:15px\">06 72 62 97 45 <\/p>\n\n\n\n<p class=\"has-text-align-center has-neve-text-color-color has-text-color\" style=\"font-size:15px\">Du lundi au vendredi de 9H \u00e0 17 h<\/p>\n<\/div>\n\n\n\n<div class=\"wp-block-column is-vertically-aligned-top ticss-f6fc7494 is-layout-flow wp-block-column-is-layout-flow\">\n<div class=\"wp-block-image icon-style is-style-rounded\"><figure class=\"aligncenter size-large is-resized\"><img loading=\"lazy\" decoding=\"async\" src=\"https:\/\/s33834.pcdn.co\/wp-content\/uploads\/2020\/12\/at-solid-1.svg\" alt=\"\" width=\"64\" height=\"64\"\/><\/figure><\/div>\n\n\n\n<h3 class=\"has-text-align-center has-neve-text-color-color has-text-color wp-block-heading\">Email<\/h3>\n\n\n\n<p class=\"has-text-align-center has-neve-text-color-color has-text-color\" style=\"font-size:15px\">ideevan038@gmail.com<\/p>\n\n\n\n<div style=\"height:24px\" aria-hidden=\"true\" class=\"wp-block-spacer\"><\/div>\n<\/div>\n\n\n\n<div class=\"wp-block-column is-vertically-aligned-top ticss-a5b4df29 is-layout-flow wp-block-column-is-layout-flow\">\n<div class=\"wp-block-image icon-style is-style-rounded\"><figure class=\"aligncenter size-large is-resized\"><img loading=\"lazy\" decoding=\"async\" src=\"https:\/\/s33834.pcdn.co\/wp-content\/uploads\/2020\/12\/location.svg\" alt=\"\" width=\"64\" height=\"64\"\/><\/figure><\/div>\n\n\n\n<h3 class=\"has-text-align-center has-neve-text-color-color has-text-color wp-block-heading\">Atelier<\/h3>\n\n\n\n<p class=\"has-text-align-center has-neve-text-color-color has-text-color\" style=\"font-size:15px\">46-48 Rue du Bourgamon, <\/p>\n\n\n\n<p class=\"has-text-align-center has-neve-text-color-color has-text-color\" style=\"font-size:15px\">38400 Saint-Martin-d&#8217;H\u00e8res<\/p>\n<\/div>\n<\/div>\n\n\n\n<p class=\"has-text-align-center has-nv-c-2-color has-text-color\" style=\"font-size:28px\"><strong>Nous recevons uniquement sur RDV<\/strong><\/p>\n<\/div><\/div>\n\n\n\n<div class=\"wp-block-cover alignfull has-neve-link-hover-color-background-color has-background-dim\" style=\"min-height:253px;aspect-ratio:unset;\"><div class=\"wp-block-cover__inner-container is-layout-flow wp-block-cover-is-layout-flow\">\n<h2 class=\"has-text-align-center has-nv-light-bg-color has-text-color wp-block-heading\">Envoyez-nous un mail pour prendre RDV ou demander un devis<\/h2>\n<\/div><\/div>\n\n\n\n<div class=\"wp-block-columns alignfull are-vertically-aligned-center has-nv-site-bg-color has-neve-link-hover-color-background-color has-text-color has-background is-layout-flex wp-container-core-columns-is-layout-9d6595d7 wp-block-columns-is-layout-flex\">\n<div class=\"wp-block-column is-vertically-aligned-center is-layout-flow wp-block-column-is-layout-flow\">\n<div class=\"wp-block-image is-style-default\"><figure class=\"aligncenter size-large is-resized\"><img data-recalc-dims=\"1\" loading=\"lazy\" decoding=\"async\" data-attachment-id=\"340\" data-permalink=\"https:\/\/ideevan.fr\/index.php\/prestations\/pexels-photo-5711767\/\" data-orig-file=\"https:\/\/i0.wp.com\/ideevan.fr\/wp-content\/uploads\/2021\/03\/pexels-photo-5711767.jpeg?fit=867%2C1300&amp;ssl=1\" data-orig-size=\"867,1300\" data-comments-opened=\"1\" data-image-meta=\"{&quot;aperture&quot;:&quot;0&quot;,&quot;credit&quot;:&quot;&quot;,&quot;camera&quot;:&quot;&quot;,&quot;caption&quot;:&quot;Photo by Anna Shvets on &lt;a href=\\&quot;https:\/\/www.pexels.com\/photo\/crop-carpenter-shaping-wooden-board-at-router-table-5711767\/\\&quot; rel=\\&quot;nofollow\\&quot;&gt;Pexels.com&lt;\/a&gt;&quot;,&quot;created_timestamp&quot;:&quot;0&quot;,&quot;copyright&quot;:&quot;&quot;,&quot;focal_length&quot;:&quot;0&quot;,&quot;iso&quot;:&quot;0&quot;,&quot;shutter_speed&quot;:&quot;0&quot;,&quot;title&quot;:&quot;crop carpenter shaping wooden board at router table&quot;,&quot;orientation&quot;:&quot;0&quot;}\" data-image-title=\"pexels-photo-5711767\" data-image-description=\"\" data-image-caption=\"&lt;p&gt;Photo by Anna Shvets on &lt;a href=&quot;https:\/\/www.pexels.com\/photo\/crop-carpenter-shaping-wooden-board-at-router-table-5711767\/&quot; rel=&quot;nofollow&quot;&gt;Pexels.com&lt;\/a&gt;&lt;\/p&gt;\n\" data-large-file=\"https:\/\/i0.wp.com\/ideevan.fr\/wp-content\/uploads\/2021\/03\/pexels-photo-5711767.jpeg?fit=683%2C1024&amp;ssl=1\" src=\"https:\/\/i0.wp.com\/ideevan.fr\/wp-content\/uploads\/2021\/03\/pexels-photo-5711767-683x1024.jpeg?resize=544%2C816\" alt=\"crop carpenter shaping wooden board at router table\" class=\"wp-image-340\" width=\"544\" height=\"816\" srcset=\"https:\/\/i0.wp.com\/ideevan.fr\/wp-content\/uploads\/2021\/03\/pexels-photo-5711767.jpeg?resize=683%2C1024&amp;ssl=1 683w, https:\/\/i0.wp.com\/ideevan.fr\/wp-content\/uploads\/2021\/03\/pexels-photo-5711767.jpeg?resize=200%2C300&amp;ssl=1 200w, https:\/\/i0.wp.com\/ideevan.fr\/wp-content\/uploads\/2021\/03\/pexels-photo-5711767.jpeg?resize=768%2C1152&amp;ssl=1 768w, https:\/\/i0.wp.com\/ideevan.fr\/wp-content\/uploads\/2021\/03\/pexels-photo-5711767.jpeg?w=867&amp;ssl=1 867w\" sizes=\"auto, (max-width: 544px) 100vw, 544px\" \/><figcaption>Photo by Anna Shvets on <a href=\"https:\/\/www.pexels.com\/photo\/crop-carpenter-shaping-wooden-board-at-router-table-5711767\/\" rel=\"nofollow\">Pexels.com<\/a><\/figcaption><\/figure><\/div>\n<\/div>\n\n\n\n<div class=\"wp-block-column is-vertically-aligned-center is-layout-flow wp-block-column-is-layout-flow\">\n<div class=\"wp-block-contact-form-7-contact-form-selector\">\n<div class=\"wpcf7 no-js\" id=\"wpcf7-f390-o1\" lang=\"fr-FR\" dir=\"ltr\" data-wpcf7-id=\"390\">\n<div class=\"screen-reader-response\"><p role=\"status\" aria-live=\"polite\" aria-atomic=\"true\"><\/p> <ul><\/ul><\/div>\n<form action=\"\/index.php\/wp-json\/wp\/v2\/pages\/314#wpcf7-f390-o1\" method=\"post\" class=\"wpcf7-form init\" aria-label=\"Formulaire de contact\" novalidate=\"novalidate\" data-status=\"init\">\n<fieldset class=\"hidden-fields-container\"><input type=\"hidden\" name=\"_wpcf7\" value=\"390\" \/><input type=\"hidden\" name=\"_wpcf7_version\" value=\"6.1.5\" \/><input type=\"hidden\" name=\"_wpcf7_locale\" value=\"fr_FR\" \/><input type=\"hidden\" name=\"_wpcf7_unit_tag\" value=\"wpcf7-f390-o1\" \/><input type=\"hidden\" name=\"_wpcf7_container_post\" value=\"0\" \/><input type=\"hidden\" name=\"_wpcf7_posted_data_hash\" value=\"\" \/>\n<\/fieldset>\n<p><label> Votre pr\u00e9nom<br \/>\n<span class=\"wpcf7-form-control-wrap\" data-name=\"your-firstname\"><input size=\"40\" maxlength=\"400\" class=\"wpcf7-form-control wpcf7-text wpcf7-validates-as-required\" aria-required=\"true\" aria-invalid=\"false\" value=\"\" type=\"text\" name=\"your-firstname\" \/><\/span> <\/label>\n<\/p>\n<p><label> Votre nom<br \/>\n<span class=\"wpcf7-form-control-wrap\" data-name=\"your-name\"><input size=\"40\" maxlength=\"400\" class=\"wpcf7-form-control wpcf7-text wpcf7-validates-as-required\" aria-required=\"true\" aria-invalid=\"false\" value=\"\" type=\"text\" name=\"your-name\" \/><\/span> <\/label>\n<\/p>\n<p><label> Votre e-mail<br \/>\n<span class=\"wpcf7-form-control-wrap\" data-name=\"your-email\"><input size=\"40\" maxlength=\"400\" class=\"wpcf7-form-control wpcf7-email wpcf7-validates-as-required wpcf7-text wpcf7-validates-as-email\" aria-required=\"true\" aria-invalid=\"false\" value=\"\" type=\"email\" name=\"your-email\" \/><\/span> <\/label>\n<\/p>\n<p><label> sujet<br \/>\n<span class=\"wpcf7-form-control-wrap\" data-name=\"your-subject\"><input size=\"40\" maxlength=\"400\" class=\"wpcf7-form-control wpcf7-text wpcf7-validates-as-required\" aria-required=\"true\" aria-invalid=\"false\" value=\"\" type=\"text\" name=\"your-subject\" \/><\/span> <\/label>\n<\/p>\n<p><label> Votre message (facultatif)<br \/>\n<span class=\"wpcf7-form-control-wrap\" data-name=\"your-message\"><textarea cols=\"40\" rows=\"10\" maxlength=\"2000\" class=\"wpcf7-form-control wpcf7-textarea\" aria-invalid=\"false\" name=\"your-message\"><\/textarea><\/span> <\/label>\n<\/p>\n<p><input class=\"wpcf7-form-control wpcf7-submit has-spinner\" type=\"submit\" value=\"Envoyer\" \/>\n<\/p><div class=\"wpcf7-response-output\" aria-hidden=\"true\"><\/div>\n<\/form>\n<\/div>\n<\/div>\n<\/div>\n<\/div>\n\n\n\n<div class=\"wp-block-group alignfull\"><div class=\"wp-block-group__inner-container is-layout-flow wp-block-group-is-layout-flow\">\n<div class=\"wp-block-columns is-layout-flex wp-container-core-columns-is-layout-9d6595d7 wp-block-columns-is-layout-flex\">\n<div class=\"wp-block-column is-layout-flow wp-block-column-is-layout-flow\" style=\"flex-basis:100%\"><\/div>\n<\/div>\n<\/div><\/div>\n\n\n\n<div class=\"wp-block-jetpack-contact-info\">\n\n\n\n<\/div>\n\n\n\n<div class=\"wp-block-group is-layout-flow wp-block-group-is-layout-flow\"><div class=\"wp-block-group__inner-container\"><\/div><\/div>\n\n\n\n<p><\/p>\n","protected":false},"excerpt":{"rendered":"","protected":false},"author":1,"featured_media":0,"parent":0,"menu_order":5,"comment_status":"closed","ping_status":"closed","template":"","meta":{"_uag_custom_page_level_css":"","neve_meta_sidebar":"full-width","neve_meta_container":"","neve_meta_enable_content_width":"on","neve_meta_content_width":100,"neve_meta_title_alignment":"","neve_meta_author_avatar":"","neve_post_elements_order":"","neve_meta_disable_header":"","neve_meta_disable_footer":"","neve_meta_disable_title":"on","footnotes":""},"class_list":["post-314","page","type-page","status-publish","hentry"],"yoast_head":"<!-- This site is optimized with the Yoast SEO plugin v27.5 - https:\/\/yoast.com\/product\/yoast-seo-wordpress\/ -->\n<title>Contact Id\u00e9e Van<\/title>\n<meta name=\"description\" content=\"Contacter Id\u00e9e Van et demander un devis pour votre am\u00e9nagement de van ou fourgon\" \/>\n<meta name=\"robots\" content=\"index, follow, max-snippet:-1, max-image-preview:large, max-video-preview:-1\" \/>\n<link rel=\"canonical\" href=\"https:\/\/ideevan.fr\/index.php\/contact\/\" \/>\n<meta property=\"og:locale\" content=\"en_US\" \/>\n<meta property=\"og:type\" content=\"article\" \/>\n<meta property=\"og:title\" content=\"Contact Id\u00e9e Van\" \/>\n<meta property=\"og:description\" content=\"Contacter Id\u00e9e Van et demander un devis pour votre am\u00e9nagement de van ou fourgon\" \/>\n<meta property=\"og:url\" content=\"https:\/\/ideevan.fr\/index.php\/contact\/\" \/>\n<meta property=\"og:site_name\" content=\"Id\u00e9e Van\" \/>\n<meta property=\"article:publisher\" content=\"https:\/\/www.facebook.com\/Alex.19869\" \/>\n<meta property=\"article:modified_time\" content=\"2021-03-23T14:06:12+00:00\" \/>\n<meta property=\"og:image\" content=\"https:\/\/s33834.pcdn.co\/wp-content\/uploads\/2020\/12\/phone-solid-1.svg\" \/>\n<meta name=\"twitter:card\" content=\"summary_large_image\" \/>\n<meta name=\"twitter:label1\" content=\"Est. reading time\" \/>\n\t<meta name=\"twitter:data1\" content=\"2 minutes\" \/>\n<script type=\"application\/ld+json\" class=\"yoast-schema-graph\">{\"@context\":\"https:\\\/\\\/schema.org\",\"@graph\":[{\"@type\":\"WebPage\",\"@id\":\"https:\\\/\\\/ideevan.fr\\\/index.php\\\/contact\\\/\",\"url\":\"https:\\\/\\\/ideevan.fr\\\/index.php\\\/contact\\\/\",\"name\":\"Contact Id\u00e9e Van\",\"isPartOf\":{\"@id\":\"https:\\\/\\\/ideevan.fr\\\/#website\"},\"primaryImageOfPage\":{\"@id\":\"https:\\\/\\\/ideevan.fr\\\/index.php\\\/contact\\\/#primaryimage\"},\"image\":{\"@id\":\"https:\\\/\\\/ideevan.fr\\\/index.php\\\/contact\\\/#primaryimage\"},\"thumbnailUrl\":\"https:\\\/\\\/s33834.pcdn.co\\\/wp-content\\\/uploads\\\/2020\\\/12\\\/phone-solid-1.svg\",\"datePublished\":\"2021-03-11T12:50:26+00:00\",\"dateModified\":\"2021-03-23T14:06:12+00:00\",\"description\":\"Contacter Id\u00e9e Van et demander un devis pour votre am\u00e9nagement de van ou fourgon\",\"breadcrumb\":{\"@id\":\"https:\\\/\\\/ideevan.fr\\\/index.php\\\/contact\\\/#breadcrumb\"},\"inLanguage\":\"en-US\",\"potentialAction\":[{\"@type\":\"ReadAction\",\"target\":[\"https:\\\/\\\/ideevan.fr\\\/index.php\\\/contact\\\/\"]}]},{\"@type\":\"ImageObject\",\"inLanguage\":\"en-US\",\"@id\":\"https:\\\/\\\/ideevan.fr\\\/index.php\\\/contact\\\/#primaryimage\",\"url\":\"https:\\\/\\\/s33834.pcdn.co\\\/wp-content\\\/uploads\\\/2020\\\/12\\\/phone-solid-1.svg\",\"contentUrl\":\"https:\\\/\\\/s33834.pcdn.co\\\/wp-content\\\/uploads\\\/2020\\\/12\\\/phone-solid-1.svg\"},{\"@type\":\"BreadcrumbList\",\"@id\":\"https:\\\/\\\/ideevan.fr\\\/index.php\\\/contact\\\/#breadcrumb\",\"itemListElement\":[{\"@type\":\"ListItem\",\"position\":1,\"name\":\"Am\u00e9nagement fourgon\",\"item\":\"https:\\\/\\\/ideevan.fr\\\/\"},{\"@type\":\"ListItem\",\"position\":2,\"name\":\"Contact\"}]},{\"@type\":\"WebSite\",\"@id\":\"https:\\\/\\\/ideevan.fr\\\/#website\",\"url\":\"https:\\\/\\\/ideevan.fr\\\/\",\"name\":\"Id\u00e9e Van\",\"description\":\"Un site utilisant WordPress\",\"publisher\":{\"@id\":\"https:\\\/\\\/ideevan.fr\\\/#organization\"},\"potentialAction\":[{\"@type\":\"SearchAction\",\"target\":{\"@type\":\"EntryPoint\",\"urlTemplate\":\"https:\\\/\\\/ideevan.fr\\\/?s={search_term_string}\"},\"query-input\":{\"@type\":\"PropertyValueSpecification\",\"valueRequired\":true,\"valueName\":\"search_term_string\"}}],\"inLanguage\":\"en-US\"},{\"@type\":\"Organization\",\"@id\":\"https:\\\/\\\/ideevan.fr\\\/#organization\",\"name\":\"id\u00e9e van\",\"url\":\"https:\\\/\\\/ideevan.fr\\\/\",\"logo\":{\"@type\":\"ImageObject\",\"inLanguage\":\"en-US\",\"@id\":\"https:\\\/\\\/ideevan.fr\\\/#\\\/schema\\\/logo\\\/image\\\/\",\"url\":\"https:\\\/\\\/i1.wp.com\\\/ideevan.fr\\\/wp-content\\\/uploads\\\/2021\\\/03\\\/Logo_IDvanOK.png?fit=1241%2C1241&ssl=1\",\"contentUrl\":\"https:\\\/\\\/i1.wp.com\\\/ideevan.fr\\\/wp-content\\\/uploads\\\/2021\\\/03\\\/Logo_IDvanOK.png?fit=1241%2C1241&ssl=1\",\"width\":1241,\"height\":1241,\"caption\":\"id\u00e9e van\"},\"image\":{\"@id\":\"https:\\\/\\\/ideevan.fr\\\/#\\\/schema\\\/logo\\\/image\\\/\"},\"sameAs\":[\"https:\\\/\\\/www.facebook.com\\\/Alex.19869\",\"https:\\\/\\\/www.instagram.com\\\/ideevan38\\\/\"]}]}<\/script>\n<!-- \/ Yoast SEO plugin. -->","yoast_head_json":{"title":"Contact Id\u00e9e Van","description":"Contacter Id\u00e9e Van et demander un devis pour votre am\u00e9nagement de van ou fourgon","robots":{"index":"index","follow":"follow","max-snippet":"max-snippet:-1","max-image-preview":"max-image-preview:large","max-video-preview":"max-video-preview:-1"},"canonical":"https:\/\/ideevan.fr\/index.php\/contact\/","og_locale":"en_US","og_type":"article","og_title":"Contact Id\u00e9e Van","og_description":"Contacter Id\u00e9e Van et demander un devis pour votre am\u00e9nagement de van ou fourgon","og_url":"https:\/\/ideevan.fr\/index.php\/contact\/","og_site_name":"Id\u00e9e Van","article_publisher":"https:\/\/www.facebook.com\/Alex.19869","article_modified_time":"2021-03-23T14:06:12+00:00","og_image":[{"url":"https:\/\/s33834.pcdn.co\/wp-content\/uploads\/2020\/12\/phone-solid-1.svg","type":"","width":"","height":""}],"twitter_card":"summary_large_image","twitter_misc":{"Est. reading time":"2 minutes"},"schema":{"@context":"https:\/\/schema.org","@graph":[{"@type":"WebPage","@id":"https:\/\/ideevan.fr\/index.php\/contact\/","url":"https:\/\/ideevan.fr\/index.php\/contact\/","name":"Contact Id\u00e9e Van","isPartOf":{"@id":"https:\/\/ideevan.fr\/#website"},"primaryImageOfPage":{"@id":"https:\/\/ideevan.fr\/index.php\/contact\/#primaryimage"},"image":{"@id":"https:\/\/ideevan.fr\/index.php\/contact\/#primaryimage"},"thumbnailUrl":"https:\/\/s33834.pcdn.co\/wp-content\/uploads\/2020\/12\/phone-solid-1.svg","datePublished":"2021-03-11T12:50:26+00:00","dateModified":"2021-03-23T14:06:12+00:00","description":"Contacter Id\u00e9e Van et demander un devis pour votre am\u00e9nagement de van ou fourgon","breadcrumb":{"@id":"https:\/\/ideevan.fr\/index.php\/contact\/#breadcrumb"},"inLanguage":"en-US","potentialAction":[{"@type":"ReadAction","target":["https:\/\/ideevan.fr\/index.php\/contact\/"]}]},{"@type":"ImageObject","inLanguage":"en-US","@id":"https:\/\/ideevan.fr\/index.php\/contact\/#primaryimage","url":"https:\/\/s33834.pcdn.co\/wp-content\/uploads\/2020\/12\/phone-solid-1.svg","contentUrl":"https:\/\/s33834.pcdn.co\/wp-content\/uploads\/2020\/12\/phone-solid-1.svg"},{"@type":"BreadcrumbList","@id":"https:\/\/ideevan.fr\/index.php\/contact\/#breadcrumb","itemListElement":[{"@type":"ListItem","position":1,"name":"Am\u00e9nagement fourgon","item":"https:\/\/ideevan.fr\/"},{"@type":"ListItem","position":2,"name":"Contact"}]},{"@type":"WebSite","@id":"https:\/\/ideevan.fr\/#website","url":"https:\/\/ideevan.fr\/","name":"Id\u00e9e Van","description":"Un site utilisant WordPress","publisher":{"@id":"https:\/\/ideevan.fr\/#organization"},"potentialAction":[{"@type":"SearchAction","target":{"@type":"EntryPoint","urlTemplate":"https:\/\/ideevan.fr\/?s={search_term_string}"},"query-input":{"@type":"PropertyValueSpecification","valueRequired":true,"valueName":"search_term_string"}}],"inLanguage":"en-US"},{"@type":"Organization","@id":"https:\/\/ideevan.fr\/#organization","name":"id\u00e9e van","url":"https:\/\/ideevan.fr\/","logo":{"@type":"ImageObject","inLanguage":"en-US","@id":"https:\/\/ideevan.fr\/#\/schema\/logo\/image\/","url":"https:\/\/i1.wp.com\/ideevan.fr\/wp-content\/uploads\/2021\/03\/Logo_IDvanOK.png?fit=1241%2C1241&ssl=1","contentUrl":"https:\/\/i1.wp.com\/ideevan.fr\/wp-content\/uploads\/2021\/03\/Logo_IDvanOK.png?fit=1241%2C1241&ssl=1","width":1241,"height":1241,"caption":"id\u00e9e van"},"image":{"@id":"https:\/\/ideevan.fr\/#\/schema\/logo\/image\/"},"sameAs":["https:\/\/www.facebook.com\/Alex.19869","https:\/\/www.instagram.com\/ideevan38\/"]}]}},"uagb_featured_image_src":{"full":false,"thumbnail":false,"medium":false,"medium_large":false,"large":false,"1536x1536":false,"2048x2048":false,"neve-blog":false},"uagb_author_info":{"display_name":"Alex d'Id\u00e9e Van","author_link":"https:\/\/ideevan.fr\/index.php\/author\/admin9689\/"},"uagb_comment_info":0,"uagb_excerpt":null,"jetpack_sharing_enabled":true,"jetpack_likes_enabled":true,"jetpack-related-posts":[],"_links":{"self":[{"href":"https:\/\/ideevan.fr\/index.php\/wp-json\/wp\/v2\/pages\/314","targetHints":{"allow":["GET"]}}],"collection":[{"href":"https:\/\/ideevan.fr\/index.php\/wp-json\/wp\/v2\/pages"}],"about":[{"href":"https:\/\/ideevan.fr\/index.php\/wp-json\/wp\/v2\/types\/page"}],"author":[{"embeddable":true,"href":"https:\/\/ideevan.fr\/index.php\/wp-json\/wp\/v2\/users\/1"}],"replies":[{"embeddable":true,"href":"https:\/\/ideevan.fr\/index.php\/wp-json\/wp\/v2\/comments?post=314"}],"version-history":[{"count":28,"href":"https:\/\/ideevan.fr\/index.php\/wp-json\/wp\/v2\/pages\/314\/revisions"}],"predecessor-version":[{"id":866,"href":"https:\/\/ideevan.fr\/index.php\/wp-json\/wp\/v2\/pages\/314\/revisions\/866"}],"wp:attachment":[{"href":"https:\/\/ideevan.fr\/index.php\/wp-json\/wp\/v2\/media?parent=314"}],"curies":[{"name":"wp","href":"https:\/\/api.w.org\/{rel}","templated":true}]}}